{"id":38,"date":"2015-01-06T23:14:20","date_gmt":"2015-01-06T22:14:20","guid":{"rendered":"https:\/\/pes-loire.fr\/saint-martin-la-plaine\/?page_id=38"},"modified":"2025-02-13T21:32:58","modified_gmt":"2025-02-13T20:32:58","slug":"osteopathe-riorges","status":"publish","type":"page","link":"https:\/\/pes-loire.fr\/riorges\/osteopathe-riorges\/","title":{"rendered":"Votre Ost\u00e9opathe"},"content":{"rendered":"<div class=\"fusion-fullwidth fullwidth-box fusion-builder-row-1 nonhundred-percent-fullwidth non-hundred-percent-height-scrolling\" style=\"--awb-border-radius-top-left:0px;--awb-border-radius-top-right:0px;--awb-border-radius-bottom-right:0px;--awb-border-radius-bottom-left:0px;--awb-flex-wrap:wrap;\" ><div class=\"fusion-builder-row fusion-row\"><div class=\"fusion-layout-column fusion_builder_column fusion-builder-column-0 fusion_builder_column_1_1 1_1 fusion-one-full fusion-column-first fusion-column-last\" style=\"--awb-bg-size:cover;\"><div class=\"fusion-column-wrapper fusion-flex-column-wrapper-legacy\"><div class=\"fusion-title title fusion-title-1 fusion-title-center fusion-title-text fusion-title-size-one\"><div class=\"title-sep-container title-sep-container-left\"><div class=\"title-sep sep-double sep-solid\" style=\"border-color:#e0dede;\"><\/div><\/div><span class=\"awb-title-spacer\"><\/span><h1 class=\"fusion-title-heading title-heading-center fusion-responsive-typography-calculated\" style=\"margin:0;--fontSize:34;line-height:1.41;\">Ost\u00e9opathe Riorges<\/h1><span class=\"awb-title-spacer\"><\/span><div class=\"title-sep-container title-sep-container-right\"><div class=\"title-sep sep-double sep-solid\" style=\"border-color:#e0dede;\"><\/div><\/div><\/div><div class=\"fusion-person person fusion-person-left fusion-person-1 fusion-person-icon-top\" style=\"--awb-pic-style-color:#000000;--awb-pic-borderradius:0px;--awb-margin-top:0px;--awb-margin-right:0px;--awb-margin-bottom:0px;--awb-margin-left:0px;--awb-social-box-border-top:0px;--awb-social-box-border-right:0px;--awb-social-box-border-bottom:0px;--awb-social-box-border-left:0px;--awb-social-box-border-color:var(--awb-color3);--awb-social-box-border-color-hover:var(--awb-color4);--awb-social-box-colors-hover:rgba(232,232,232,0.8);--awb-social-icon-boxed-colors:#e8e8e8;--awb-social-icon-colors:#82c9f0;--awb-social-icon-colors-hover:rgba(130,201,240,0.8);\"><div class=\"person-desc\"><div class=\"person-author\"><div class=\"person-author-wrapper\"><span class=\"person-name\">Ana\u00efs Gauthier<\/span><span class=\"person-title\">Ost\u00e9opathe D.O.<\/span><\/div><div class=\"fusion-social-networks\"><div class=\"fusion-social-networks-wrapper\"><a class=\"fusion-social-network-icon fusion-tooltip fusion-facebook awb-icon-facebook custom\" aria-label=\"fusion-facebook\" href=\"https:\/\/www.facebook.com\/pes.saint.martin.la.plaine\" target=\"_blank\" rel=\"noopener noreferrer\" style=\"color:#82c9f0;font-size:16px;\" data-placement=\"top\" data-title=\"Facebook\" title=\"Facebook\" data-toggle=\"tooltip\"><\/a><a class=\"fusion-social-network-icon fusion-tooltip fusion-twitter awb-icon-twitter custom\" aria-label=\"fusion-twitter\" href=\"https:\/\/twitter.com\/PesFrance\" target=\"_blank\" rel=\"noopener noreferrer\" style=\"color:#82c9f0;font-size:16px;\" data-placement=\"top\" data-title=\"Twitter\" title=\"Twitter\" data-toggle=\"tooltip\"><\/a><\/div><\/div><\/div><div class=\"person-content fusion-clearfix\"><\/div><\/div><\/div><div class=\"fusion-text fusion-text-1\" style=\"--awb-text-transform:none;\"><p data-pm-slice=\"1 3 &#091;&#093;\">Ana\u00efs est une ost\u00e9opathe passionn\u00e9e et d\u00e9vou\u00e9e \u00e0 ses patients. Dipl\u00f4m\u00e9e du Centre International d\u2019Ost\u00e9opathie de Saint-\u00c9tienne en 2021, elle met son expertise et sa bienveillance au service de ses patients afin de leur offrir une prise en charge optimale et personnalis\u00e9e.<\/p>\n<h3><strong>Un parcours enrichissant et une exp\u00e9rience vari\u00e9e<\/strong><\/h3>\n<p>Lors de ses cinq ann\u00e9es d\u2019\u00e9tudes, Ana\u00efs a effectu\u00e9 de nombreux stages qui lui ont permis de d\u00e9velopper des comp\u00e9tences pointues dans diff\u00e9rents domaines :<\/p>\n<ul data-spread=\"false\">\n<li>Oncop\u00e9diatrie au CHU de Saint-\u00c9tienne, o\u00f9 elle a accompagn\u00e9 des enfants malades.<\/li>\n<li>Prise en charge des personnes polyhandicap\u00e9es \u00e0 la Croix-Rouge.<\/li>\n<li>Traitement des lombalgiques aigu\u00ebs dans un centre sp\u00e9cialis\u00e9.<\/li>\n<\/ul>\n<p>Depuis l\u2019obtention de son dipl\u00f4me, elle a exerc\u00e9 dans trois cabinets diff\u00e9rents :<\/p>\n<ul data-spread=\"false\">\n<li>Un premier cabinet \u00e0 Saint-\u00c9tienne jusqu&rsquo;en 2023.<\/li>\n<li>Un cabinet \u00e0 Saint-Martin-la-Plaine, au sein d&rsquo;un p\u00f4le de soins pluridisciplinaire (ost\u00e9opathes, sage-femme, psychomotricienne, psychologues et orthoptiste), o\u00f9 elle exerce toujours.<\/li>\n<li>Un cabinet \u00e0 Pouilly-sous-Charlieu, en collaboration avec Damien Kraft, depuis ao\u00fbt 2023.<\/li>\n<\/ul>\n<h3><strong>Une sp\u00e9cialisation en ost\u00e9opathie p\u00e9diatrique et en troubles de la posture<\/strong><\/h3>\n<p>Soucieuse d\u2019approfondir ses comp\u00e9tences et d\u2019offrir le meilleur accompagnement possible \u00e0 ses patients, Ana\u00efs a r\u00e9alis\u00e9 un m\u00e9moire sur le <strong>bruxisme diurne<\/strong> (serrement et grincement involontaire des dents en journ\u00e9e) et son impact sur la qualit\u00e9 de vie, le stress et l\u2019anxi\u00e9t\u00e9. Ce travail lui a permis d\u2019acqu\u00e9rir une solide expertise sur les dysfonctionnements de la m\u00e2choire.<\/p>\n<p>Elle a \u00e9galement suivi plusieurs formations post-grades afin de se sp\u00e9cialiser dans la prise en charge des b\u00e9b\u00e9s, des enfants et des douleurs aig\u00fces :<\/p>\n<ul data-spread=\"false\">\n<li><strong>Ost\u00e9opathie p\u00e9diatrique (0-18 mois)<\/strong> \u2013 2022, Isabelle Tousch, ost\u00e9opathe D.O (21h).<\/li>\n<li><strong>Urgences ost\u00e9opathiques : prise en charge des douleurs aigu\u00ebs<\/strong> \u2013 2023, T. Colot, ost\u00e9opathe D.O (14h).<\/li>\n<li><strong>D\u00e9formations cr\u00e2niennes positionnelles et torticolis chez le nourrisson<\/strong> \u2013 2024, Gianni Marangelli, ost\u00e9opathe D.O (21h).<\/li>\n<li><strong>Troubles de la posture, de la motricit\u00e9 et de l&rsquo;apprentissage chez les 0-18 ans<\/strong> \u2013 fin 2024, Alain Bouchard, ost\u00e9opathe D.O et chercheur (21h).<\/li>\n<li><strong>Formation Ost\u00e9oP\u00e9diaPro<\/strong> \u2013 fin 2024, un programme associant ost\u00e9opathes, masseur-kin\u00e9sith\u00e9rapeutes et m\u00e9decins g\u00e9n\u00e9ralistes (65h).<\/li>\n<\/ul>\n<h3><strong>Une approche compl\u00e9mentaire avec les r\u00e9flexes archa\u00efques<\/strong><\/h3>\n<p>Convaincue de l&rsquo;importance d&rsquo;une prise en charge globale, Ana\u00efs se forme \u00e9galement aux <strong>r\u00e9flexes archa\u00efques<\/strong> via la m\u00e9thode <strong>RMTi (Rhythmic Movement Training International)<\/strong>. Ce programme bas\u00e9 sur le mouvement vise \u00e0 aider au d\u00e9veloppement moteur, \u00e0 l&rsquo;apprentissage et \u00e0 la gestion des troubles posturaux chez l&rsquo;enfant.<\/p>\n<p>Membre de l&rsquo;association <strong>AFReM (Association Fran\u00e7aise R\u00e9flexes et Mouvements)<\/strong>, elle int\u00e8gre ces techniques \u00e0 sa pratique ost\u00e9opathique pour offrir une prise en charge encore plus adapt\u00e9e aux b\u00e9b\u00e9s et enfants.<\/p>\n<h3><strong>Pourquoi consulter Ana\u00efs, ost\u00e9opathe \u00e0 Riorges ?<\/strong><\/h3>\n<p>Ana\u00efs met tout en \u0153uvre pour proposer une prise en charge individualis\u00e9e et bienveillante. Elle accueille <strong>adultes, nourrissons, enfants, femmes enceintes et sportifs<\/strong> pour divers motifs :<\/p>\n<ul data-spread=\"false\">\n<li>Troubles musculo-squelettiques (douleurs lombaires, cervicalgies, sciatiques, entorses).<\/li>\n<li>Probl\u00e8mes digestifs (reflux, coliques du nourrisson).<\/li>\n<li>Troubles cr\u00e2niens et posturaux chez l&rsquo;enfant.<\/li>\n<li>Stress, anxi\u00e9t\u00e9 et troubles du sommeil.<\/li>\n<li>Accompagnement p\u00e9rinatal (grossesse et post-partum).<\/li>\n<\/ul>\n<\/div><div class=\"fusion-clearfix\"><\/div><\/div><\/div><\/div><\/div>\n","protected":false},"excerpt":{"rendered":"","protected":false},"author":1,"featured_media":0,"parent":0,"menu_order":0,"comment_status":"closed","ping_status":"closed","template":"","meta":{"footnotes":""},"class_list":["post-38","page","type-page","status-publish","hentry"],"yoast_head":"<!-- This site is optimized with the Yoast SEO plugin v24.4 - https:\/\/yoast.com\/wordpress\/plugins\/seo\/ -->\n<title>Votre Ost\u00e9opathe - P\u00f4le Equilibre &amp; Sant\u00e9 de Riorges<\/title>\n<meta name=\"robots\" content=\"index, follow, max-snippet:-1, max-image-preview:large, max-video-preview:-1\" \/>\n<link rel=\"canonical\" href=\"https:\/\/pes-loire.fr\/riorges\/osteopathe-riorges\/\" \/>\n<meta property=\"og:locale\" content=\"fr_FR\" \/>\n<meta property=\"og:type\" content=\"article\" \/>\n<meta property=\"og:title\" content=\"Votre Ost\u00e9opathe - P\u00f4le Equilibre &amp; Sant\u00e9 de Riorges\" \/>\n<meta property=\"og:url\" content=\"https:\/\/pes-loire.fr\/riorges\/osteopathe-riorges\/\" \/>\n<meta property=\"og:site_name\" content=\"P\u00f4le Equilibre &amp; Sant\u00e9 de Riorges\" \/>\n<meta property=\"article:modified_time\" content=\"2025-02-13T20:32:58+00:00\" \/>\n<meta name=\"twitter:card\" content=\"summary_large_image\" \/>\n<meta name=\"twitter:label1\" content=\"Dur\u00e9e de lecture estim\u00e9e\" \/>\n\t<meta name=\"twitter:data1\" content=\"3 minutes\" \/>\n<script type=\"application\/ld+json\" class=\"yoast-schema-graph\">{\"@context\":\"https:\/\/schema.org\",\"@graph\":[{\"@type\":\"WebPage\",\"@id\":\"https:\/\/pes-loire.fr\/riorges\/osteopathe-riorges\/\",\"url\":\"https:\/\/pes-loire.fr\/riorges\/osteopathe-riorges\/\",\"name\":\"Votre Ost\u00e9opathe - P\u00f4le Equilibre &amp; Sant\u00e9 de Riorges\",\"isPartOf\":{\"@id\":\"https:\/\/pes-loire.fr\/riorges\/#website\"},\"datePublished\":\"2015-01-06T22:14:20+00:00\",\"dateModified\":\"2025-02-13T20:32:58+00:00\",\"breadcrumb\":{\"@id\":\"https:\/\/pes-loire.fr\/riorges\/osteopathe-riorges\/#breadcrumb\"},\"inLanguage\":\"fr-FR\",\"potentialAction\":[{\"@type\":\"ReadAction\",\"target\":[\"https:\/\/pes-loire.fr\/riorges\/osteopathe-riorges\/\"]}]},{\"@type\":\"BreadcrumbList\",\"@id\":\"https:\/\/pes-loire.fr\/riorges\/osteopathe-riorges\/#breadcrumb\",\"itemListElement\":[{\"@type\":\"ListItem\",\"position\":1,\"name\":\"Accueil\",\"item\":\"https:\/\/pes-loire.fr\/riorges\/\"},{\"@type\":\"ListItem\",\"position\":2,\"name\":\"Votre Ost\u00e9opathe\"}]},{\"@type\":\"WebSite\",\"@id\":\"https:\/\/pes-loire.fr\/riorges\/#website\",\"url\":\"https:\/\/pes-loire.fr\/riorges\/\",\"name\":\"P\u00f4le Equilibre &amp; Sant\u00e9 de Riorges\",\"description\":\"\",\"potentialAction\":[{\"@type\":\"SearchAction\",\"target\":{\"@type\":\"EntryPoint\",\"urlTemplate\":\"https:\/\/pes-loire.fr\/riorges\/?s={search_term_string}\"},\"query-input\":{\"@type\":\"PropertyValueSpecification\",\"valueRequired\":true,\"valueName\":\"search_term_string\"}}],\"inLanguage\":\"fr-FR\"}]}<\/script>\n<!-- \/ Yoast SEO plugin. -->","yoast_head_json":{"title":"Votre Ost\u00e9opathe - P\u00f4le Equilibre &amp; Sant\u00e9 de Riorges","robots":{"index":"index","follow":"follow","max-snippet":"max-snippet:-1","max-image-preview":"max-image-preview:large","max-video-preview":"max-video-preview:-1"},"canonical":"https:\/\/pes-loire.fr\/riorges\/osteopathe-riorges\/","og_locale":"fr_FR","og_type":"article","og_title":"Votre Ost\u00e9opathe - P\u00f4le Equilibre &amp; Sant\u00e9 de Riorges","og_url":"https:\/\/pes-loire.fr\/riorges\/osteopathe-riorges\/","og_site_name":"P\u00f4le Equilibre &amp; Sant\u00e9 de Riorges","article_modified_time":"2025-02-13T20:32:58+00:00","twitter_card":"summary_large_image","twitter_misc":{"Dur\u00e9e de lecture estim\u00e9e":"3 minutes"},"schema":{"@context":"https:\/\/schema.org","@graph":[{"@type":"WebPage","@id":"https:\/\/pes-loire.fr\/riorges\/osteopathe-riorges\/","url":"https:\/\/pes-loire.fr\/riorges\/osteopathe-riorges\/","name":"Votre Ost\u00e9opathe - P\u00f4le Equilibre &amp; Sant\u00e9 de Riorges","isPartOf":{"@id":"https:\/\/pes-loire.fr\/riorges\/#website"},"datePublished":"2015-01-06T22:14:20+00:00","dateModified":"2025-02-13T20:32:58+00:00","breadcrumb":{"@id":"https:\/\/pes-loire.fr\/riorges\/osteopathe-riorges\/#breadcrumb"},"inLanguage":"fr-FR","potentialAction":[{"@type":"ReadAction","target":["https:\/\/pes-loire.fr\/riorges\/osteopathe-riorges\/"]}]},{"@type":"BreadcrumbList","@id":"https:\/\/pes-loire.fr\/riorges\/osteopathe-riorges\/#breadcrumb","itemListElement":[{"@type":"ListItem","position":1,"name":"Accueil","item":"https:\/\/pes-loire.fr\/riorges\/"},{"@type":"ListItem","position":2,"name":"Votre Ost\u00e9opathe"}]},{"@type":"WebSite","@id":"https:\/\/pes-loire.fr\/riorges\/#website","url":"https:\/\/pes-loire.fr\/riorges\/","name":"P\u00f4le Equilibre &amp; Sant\u00e9 de Riorges","description":"","potentialAction":[{"@type":"SearchAction","target":{"@type":"EntryPoint","urlTemplate":"https:\/\/pes-loire.fr\/riorges\/?s={search_term_string}"},"query-input":{"@type":"PropertyValueSpecification","valueRequired":true,"valueName":"search_term_string"}}],"inLanguage":"fr-FR"}]}},"_links":{"self":[{"href":"https:\/\/pes-loire.fr\/riorges\/wp-json\/wp\/v2\/pages\/38","targetHints":{"allow":["GET"]}}],"collection":[{"href":"https:\/\/pes-loire.fr\/riorges\/wp-json\/wp\/v2\/pages"}],"about":[{"href":"https:\/\/pes-loire.fr\/riorges\/wp-json\/wp\/v2\/types\/page"}],"author":[{"embeddable":true,"href":"https:\/\/pes-loire.fr\/riorges\/wp-json\/wp\/v2\/users\/1"}],"replies":[{"embeddable":true,"href":"https:\/\/pes-loire.fr\/riorges\/wp-json\/wp\/v2\/comments?post=38"}],"version-history":[{"count":2,"href":"https:\/\/pes-loire.fr\/riorges\/wp-json\/wp\/v2\/pages\/38\/revisions"}],"predecessor-version":[{"id":54,"href":"https:\/\/pes-loire.fr\/riorges\/wp-json\/wp\/v2\/pages\/38\/revisions\/54"}],"wp:attachment":[{"href":"https:\/\/pes-loire.fr\/riorges\/wp-json\/wp\/v2\/media?parent=38"}],"curies":[{"name":"wp","href":"https:\/\/api.w.org\/{rel}","templated":true}]}}